{"id":146,"date":"2020-08-11T10:46:41","date_gmt":"2020-08-11T08:46:41","guid":{"rendered":"https:\/\/bridge389.qodeinteractive.com\/?page_id=146"},"modified":"2023-08-23T10:37:39","modified_gmt":"2023-08-23T08:37:39","slug":"rooms","status":"publish","type":"page","link":"https:\/\/hotelfoldana.hu\/sr\/rooms\/","title":{"rendered":"Sobe"},"content":{"rendered":"<div data-elementor-type=\"wp-page\" data-elementor-id=\"146\" class=\"elementor elementor-146\">\n\t\t\t\t\t\t<section class=\"elementor-section elementor-top-section elementor-element elementor-element-6aac2e48 elementor-section-full_width qode_elementor_container_inner elementor-section-height-default elementor-section-height-default parallax_section_no\" data-id=\"6aac2e48\" data-element_type=\"section\" data-e-type=\"section\">\n\t\t\t\t\t\t<div class=\"elementor-container elementor-column-gap-no\">\n\t\t\t\t\t<div class=\"elementor-column elementor-col-100 elementor-top-column elementor-element elementor-element-a9f8fe2\" data-id=\"a9f8fe2\" data-element_type=\"column\" data-e-type=\"column\">\n\t\t\t<div class=\"elementor-widget-wrap elementor-element-populated\">\n\t\t\t\t\t\t<div class=\"elementor-element elementor-element-6595596c elementor-widget elementor-widget-text-editor\" data-id=\"6595596c\" data-element_type=\"widget\" data-e-type=\"widget\" data-widget_type=\"text-editor.default\">\n\t\t\t\t<div class=\"elementor-widget-container\">\n\t\t\t\t\t\t\t\t\t<h1 style=\"text-align: center;\">ODABERITE SAVR\u0160EN SME\u0160TAJ<\/h1>\t\t\t\t\t\t\t\t<\/div>\n\t\t\t\t<\/div>\n\t\t\t\t<div class=\"elementor-element elementor-element-4d9359dc elementor-widget elementor-widget-image\" data-id=\"4d9359dc\" data-element_type=\"widget\" data-e-type=\"widget\" data-widget_type=\"image.default\">\n\t\t\t\t<div class=\"elementor-widget-container\">\n\t\t\t\t\t\t\t\t\t\t\t\t\t\t\t<img decoding=\"async\" width=\"70\" height=\"2\" src=\"https:\/\/hotelfoldana.hu\/wp-content\/uploads\/2022\/11\/border.png\" class=\"attachment-full size-full wp-image-258\" alt=\"\" \/>\t\t\t\t\t\t\t\t\t\t\t\t\t\t\t<\/div>\n\t\t\t\t<\/div>\n\t\t\t\t<div class=\"elementor-element elementor-element-25021be4 elementor-widget elementor-widget-text-editor\" data-id=\"25021be4\" data-element_type=\"widget\" data-e-type=\"widget\" data-widget_type=\"text-editor.default\">\n\t\t\t\t<div class=\"elementor-widget-container\">\n\t\t\t\t\t\t\t\t\t<h4 style=\"text-align: center;\">7 razli\u010ditih mogu\u0107nosti<\/h4>\t\t\t\t\t\t\t\t<\/div>\n\t\t\t\t<\/div>\n\t\t\t\t\t<\/div>\n\t\t<\/div>\n\t\t\t\t\t<\/div>\n\t\t<\/section>\n\t\t\t\t<section class=\"elementor-section elementor-top-section elementor-element elementor-element-86e0371 elementor-section-full_width qode_elementor_container_inner elementor-section-height-default elementor-section-height-default parallax_section_no\" data-id=\"86e0371\" data-element_type=\"section\" data-e-type=\"section\">\n\t\t\t\t\t\t<div class=\"elementor-container elementor-column-gap-no\">\n\t\t\t\t\t<div class=\"elementor-column elementor-col-50 elementor-top-column elementor-element elementor-element-507fc19\" data-id=\"507fc19\" data-element_type=\"column\" data-e-type=\"column\">\n\t\t\t<div class=\"elementor-widget-wrap elementor-element-populated\">\n\t\t\t\t\t\t<div class=\"elementor-element elementor-element-69eadee elementor-widget elementor-widget-image\" data-id=\"69eadee\" data-element_type=\"widget\" data-e-type=\"widget\" data-widget_type=\"image.default\">\n\t\t\t\t<div class=\"elementor-widget-container\">\n\t\t\t\t\t\t\t\t\t\t\t\t\t\t\t<img fetchpriority=\"high\" decoding=\"async\" width=\"1600\" height=\"1067\" src=\"https:\/\/hotelfoldana.hu\/wp-content\/uploads\/2023\/02\/standardstudio.jpg\" class=\"attachment-full size-full wp-image-322\" alt=\"\" srcset=\"https:\/\/hotelfoldana.hu\/wp-content\/uploads\/2023\/02\/standardstudio.jpg 1600w, https:\/\/hotelfoldana.hu\/wp-content\/uploads\/2023\/02\/standardstudio-300x200.jpg 300w, https:\/\/hotelfoldana.hu\/wp-content\/uploads\/2023\/02\/standardstudio-1024x683.jpg 1024w, https:\/\/hotelfoldana.hu\/wp-content\/uploads\/2023\/02\/standardstudio-768x512.jpg 768w, https:\/\/hotelfoldana.hu\/wp-content\/uploads\/2023\/02\/standardstudio-1536x1024.jpg 1536w, https:\/\/hotelfoldana.hu\/wp-content\/uploads\/2023\/02\/standardstudio-700x467.jpg 700w\" sizes=\"(max-width: 1600px) 100vw, 1600px\" \/>\t\t\t\t\t\t\t\t\t\t\t\t\t\t\t<\/div>\n\t\t\t\t<\/div>\n\t\t\t\t<div class=\"elementor-element elementor-element-0156b0d elementor-widget elementor-widget-text-editor\" data-id=\"0156b0d\" data-element_type=\"widget\" data-e-type=\"widget\" data-widget_type=\"text-editor.default\">\n\t\t\t\t<div class=\"elementor-widget-container\">\n\t\t\t\t\t\t\t\t\t<h3>STANDARDNI STUDIO<\/h3>\t\t\t\t\t\t\t\t<\/div>\n\t\t\t\t<\/div>\n\t\t\t\t<div class=\"elementor-element elementor-element-515bbdc elementor-widget elementor-widget-text-editor\" data-id=\"515bbdc\" data-element_type=\"widget\" data-e-type=\"widget\" data-widget_type=\"text-editor.default\">\n\t\t\t\t<div class=\"elementor-widget-container\">\n\t\t\t\t\t\t\t\t\t<p>Bilo da boravite kod nas zbog poslovnih obaveza ili tra\u017eite sme\u0161taj zbog \u0161etnje po gradom, na\u0161e standardne sobe su idealan izbor.<br \/>Moderne dvokrevetne sobe od veli\u010dine 30-35 m\u00b2, klimatizovane.<br \/>Osnovna oprema:<\/p><ul><li>kreveti sa izuzetno udobnim du\u0161ecima (180 x 200 cm ili 2 x 90 x 200 cm)<\/li><li>Smart LED TV\u00a0<\/li><li>telefon<\/li><li>Nespresso aparat za kafu<\/li><li>osve\u017eavaju\u0107i aquabar<\/li><li>\u010dasopisi<\/li><li>neograni\u010den, \u0161irokopojasni i ekstra brzi Wi-Fi<\/li><li>sef u sobi<\/li><li>klima ure\u0111aj sa individualnim pode\u0161vanjem<\/li><li>fen za kosu i ogledalo za brijanje<\/li><li>toaletni pribor, neseser<\/li><li>bademantil i papu\u010de, na osnovu posebnog zahteva<\/li><li>minibar<\/li><li>ili dodatni krevet na osnovu posebnog zahtev<\/li><\/ul>\t\t\t\t\t\t\t\t<\/div>\n\t\t\t\t<\/div>\n\t\t\t\t\t<\/div>\n\t\t<\/div>\n\t\t\t\t<div class=\"elementor-column elementor-col-50 elementor-top-column elementor-element elementor-element-5c7f886\" data-id=\"5c7f886\" data-element_type=\"column\" data-e-type=\"column\">\n\t\t\t<div class=\"elementor-widget-wrap elementor-element-populated\">\n\t\t\t\t\t\t<div class=\"elementor-element elementor-element-3770493 elementor-widget elementor-widget-image\" data-id=\"3770493\" data-element_type=\"widget\" data-e-type=\"widget\" data-widget_type=\"image.default\">\n\t\t\t\t<div class=\"elementor-widget-container\">\n\t\t\t\t\t\t\t\t\t\t\t\t\t\t\t<img decoding=\"async\" width=\"1600\" height=\"1067\" src=\"https:\/\/hotelfoldana.hu\/wp-content\/uploads\/2023\/02\/familyroom.jpg\" class=\"attachment-full size-full wp-image-320\" alt=\"\" srcset=\"https:\/\/hotelfoldana.hu\/wp-content\/uploads\/2023\/02\/familyroom.jpg 1600w, https:\/\/hotelfoldana.hu\/wp-content\/uploads\/2023\/02\/familyroom-300x200.jpg 300w, https:\/\/hotelfoldana.hu\/wp-content\/uploads\/2023\/02\/familyroom-1024x683.jpg 1024w, https:\/\/hotelfoldana.hu\/wp-content\/uploads\/2023\/02\/familyroom-768x512.jpg 768w, https:\/\/hotelfoldana.hu\/wp-content\/uploads\/2023\/02\/familyroom-1536x1024.jpg 1536w, https:\/\/hotelfoldana.hu\/wp-content\/uploads\/2023\/02\/familyroom-700x467.jpg 700w\" sizes=\"(max-width: 1600px) 100vw, 1600px\" \/>\t\t\t\t\t\t\t\t\t\t\t\t\t\t\t<\/div>\n\t\t\t\t<\/div>\n\t\t\t\t<div class=\"elementor-element elementor-element-cf7b634 elementor-widget elementor-widget-text-editor\" data-id=\"cf7b634\" data-element_type=\"widget\" data-e-type=\"widget\" data-widget_type=\"text-editor.default\">\n\t\t\t\t<div class=\"elementor-widget-container\">\n\t\t\t\t\t\t\t\t\t<h3>PORODI\u010cNA SOBA<\/h3>\t\t\t\t\t\t\t\t<\/div>\n\t\t\t\t<\/div>\n\t\t\t\t<div class=\"elementor-element elementor-element-d5b9045 elementor-widget elementor-widget-text-editor\" data-id=\"d5b9045\" data-element_type=\"widget\" data-e-type=\"widget\" data-widget_type=\"text-editor.default\">\n\t\t\t\t<div class=\"elementor-widget-container\">\n\t\t\t\t\t\t\t\t\t<p>Odvojeno, ali ipak blizu, jer dve zasebne prostorije zadovoljavaju sve potrebe ako \u017eelite provesti opu\u0161taju\u0107e dane sa svim \u010dlanovima porodice.<br \/>Imamo 8 porodi\u010dnih soba sa dva zasebna prostora, povr\u0161ine 40-45 m\u00b2, od kojih 6 soba ima terasu.<br \/>Osnovna oprema:<\/p><ul><li>kreveti sa izuzetno udobnim du\u0161ecima (180 x 200 cm ili 2 x 90 x 200 cm)<\/li><li>Smart LED TV<\/li><li>telefon<\/li><li>Nespresso aparat za kafu<\/li><li>osve\u017eavaju\u0107i aquabar<\/li><li>\u010dasopisi<\/li><li>neograni\u010den, \u0161irokopojasni i ekstra brzi Wi-Fi<\/li><li>sef u sobi<\/li><li>klima ure\u0111aj sa individualnim pode\u0161vanjem<\/li><li>fen za kosu i ogledalo za brijanje<\/li><li>toaletni pribor, neseser<\/li><li>bademantil i papu\u010de, na osnovu posebnog zahteva<\/li><li>minibar<\/li><li>ili dodatni krevet na osnovu posebnog zahtev<\/li><\/ul>\t\t\t\t\t\t\t\t<\/div>\n\t\t\t\t<\/div>\n\t\t\t\t\t<\/div>\n\t\t<\/div>\n\t\t\t\t\t<\/div>\n\t\t<\/section>\n\t\t\t\t<section class=\"elementor-section elementor-top-section elementor-element elementor-element-59ff8d1 elementor-section-full_width qode_elementor_container_inner elementor-section-height-default elementor-section-height-default parallax_section_no\" data-id=\"59ff8d1\" data-element_type=\"section\" data-e-type=\"section\">\n\t\t\t\t\t\t<div class=\"elementor-container elementor-column-gap-no\">\n\t\t\t\t\t<div class=\"elementor-column elementor-col-50 elementor-top-column elementor-element elementor-element-5f21955\" data-id=\"5f21955\" data-element_type=\"column\" data-e-type=\"column\">\n\t\t\t<div class=\"elementor-widget-wrap elementor-element-populated\">\n\t\t\t\t\t\t<div class=\"elementor-element elementor-element-902472d elementor-widget elementor-widget-image\" data-id=\"902472d\" data-element_type=\"widget\" data-e-type=\"widget\" data-widget_type=\"image.default\">\n\t\t\t\t<div class=\"elementor-widget-container\">\n\t\t\t\t\t\t\t\t\t\t\t\t\t\t\t<img loading=\"lazy\" decoding=\"async\" width=\"1600\" height=\"1200\" src=\"https:\/\/hotelfoldana.hu\/wp-content\/uploads\/2023\/02\/lakosztaly.jpg\" class=\"attachment-full size-full wp-image-323\" alt=\"\" srcset=\"https:\/\/hotelfoldana.hu\/wp-content\/uploads\/2023\/02\/lakosztaly.jpg 1600w, https:\/\/hotelfoldana.hu\/wp-content\/uploads\/2023\/02\/lakosztaly-300x225.jpg 300w, https:\/\/hotelfoldana.hu\/wp-content\/uploads\/2023\/02\/lakosztaly-1024x768.jpg 1024w, https:\/\/hotelfoldana.hu\/wp-content\/uploads\/2023\/02\/lakosztaly-768x576.jpg 768w, https:\/\/hotelfoldana.hu\/wp-content\/uploads\/2023\/02\/lakosztaly-1536x1152.jpg 1536w, https:\/\/hotelfoldana.hu\/wp-content\/uploads\/2023\/02\/lakosztaly-800x600.jpg 800w, https:\/\/hotelfoldana.hu\/wp-content\/uploads\/2023\/02\/lakosztaly-700x525.jpg 700w\" sizes=\"(max-width: 1600px) 100vw, 1600px\" \/>\t\t\t\t\t\t\t\t\t\t\t\t\t\t\t<\/div>\n\t\t\t\t<\/div>\n\t\t\t\t<div class=\"elementor-element elementor-element-59c6701 elementor-widget elementor-widget-text-editor\" data-id=\"59c6701\" data-element_type=\"widget\" data-e-type=\"widget\" data-widget_type=\"text-editor.default\">\n\t\t\t\t<div class=\"elementor-widget-container\">\n\t\t\t\t\t\t\t\t\t<h3>LUX APARTMAN<\/h3>\t\t\t\t\t\t\t\t<\/div>\n\t\t\t\t<\/div>\n\t\t\t\t<div class=\"elementor-element elementor-element-a4bd0c6 elementor-widget elementor-widget-text-editor\" data-id=\"a4bd0c6\" data-element_type=\"widget\" data-e-type=\"widget\" data-widget_type=\"text-editor.default\">\n\t\t\t\t<div class=\"elementor-widget-container\">\n\t\t\t\t\t\t\t\t\t<p>Na\u0161 luksuzni apartman predstavlja izvrsnu opciju za bilo kojeg gosta zbog svog ekskluzivnog izgleda.<br \/>Dva apartmana s jedinstvenim unutarnjim dizajnom, na 50 kvadratnih metara od dve povezane prostorije, imaju mini kuhinju u dnevnom boravku.<br \/>Osnovna oprema:<\/p><ul><li>kreveti sa izuzetno udobnim du\u0161ecima (180 x 200 cm ili 2 x 90 x 200 cm)<\/li><li>Smart LED TV\u00a0<\/li><li>telefon<\/li><li>Nespresso aparat za kafu<\/li><li>osve\u017eavaju\u0107i aquabar<\/li><li>\u010dasopisi<\/li><li>neograni\u010den, \u0161irokopojasni i ekstra brzi Wi-Fi<\/li><li>sef u sobi<\/li><li>klima ure\u0111aj sa individualnim pode\u0161vanjem<\/li><li>fen za kosu i ogledalo za brijanje<\/li><li>toaletni pribor, neseser<\/li><li>bademantil i papu\u010de, na osnovu posebnog zahteva<\/li><li>minibar<\/li><li>ili dodatni krevet na osnovu posebnog zahtev<\/li><\/ul>\t\t\t\t\t\t\t\t<\/div>\n\t\t\t\t<\/div>\n\t\t\t\t\t<\/div>\n\t\t<\/div>\n\t\t\t\t<div class=\"elementor-column elementor-col-50 elementor-top-column elementor-element elementor-element-5a71987\" data-id=\"5a71987\" data-element_type=\"column\" data-e-type=\"column\">\n\t\t\t<div class=\"elementor-widget-wrap elementor-element-populated\">\n\t\t\t\t\t\t<div class=\"elementor-element elementor-element-ffe249e elementor-widget elementor-widget-image\" data-id=\"ffe249e\" data-element_type=\"widget\" data-e-type=\"widget\" data-widget_type=\"image.default\">\n\t\t\t\t<div class=\"elementor-widget-container\">\n\t\t\t\t\t\t\t\t\t\t\t\t\t\t\t<img loading=\"lazy\" decoding=\"async\" width=\"1600\" height=\"1200\" src=\"https:\/\/hotelfoldana.hu\/wp-content\/uploads\/2023\/02\/family_balcon2.jpg\" class=\"attachment-full size-full wp-image-325\" alt=\"\" srcset=\"https:\/\/hotelfoldana.hu\/wp-content\/uploads\/2023\/02\/family_balcon2.jpg 1600w, https:\/\/hotelfoldana.hu\/wp-content\/uploads\/2023\/02\/family_balcon2-300x225.jpg 300w, https:\/\/hotelfoldana.hu\/wp-content\/uploads\/2023\/02\/family_balcon2-1024x768.jpg 1024w, https:\/\/hotelfoldana.hu\/wp-content\/uploads\/2023\/02\/family_balcon2-768x576.jpg 768w, https:\/\/hotelfoldana.hu\/wp-content\/uploads\/2023\/02\/family_balcon2-1536x1152.jpg 1536w, https:\/\/hotelfoldana.hu\/wp-content\/uploads\/2023\/02\/family_balcon2-800x600.jpg 800w, https:\/\/hotelfoldana.hu\/wp-content\/uploads\/2023\/02\/family_balcon2-700x525.jpg 700w\" sizes=\"(max-width: 1600px) 100vw, 1600px\" \/>\t\t\t\t\t\t\t\t\t\t\t\t\t\t\t<\/div>\n\t\t\t\t<\/div>\n\t\t\t\t<div class=\"elementor-element elementor-element-e305e93 elementor-widget elementor-widget-text-editor\" data-id=\"e305e93\" data-element_type=\"widget\" data-e-type=\"widget\" data-widget_type=\"text-editor.default\">\n\t\t\t\t<div class=\"elementor-widget-container\">\n\t\t\t\t\t\t\t\t\t<h3>PORODI\u010cNA SOBA S BALKONOM <\/h3>\t\t\t\t\t\t\t\t<\/div>\n\t\t\t\t<\/div>\n\t\t\t\t<div class=\"elementor-element elementor-element-105656f elementor-widget elementor-widget-text-editor\" data-id=\"105656f\" data-element_type=\"widget\" data-e-type=\"widget\" data-widget_type=\"text-editor.default\">\n\t\t\t\t<div class=\"elementor-widget-container\">\n\t\t\t\t\t\t\t\t\t<p>Odvojeno, ali ipak blizu, jer dve zasebne prostorije zadovoljavaju sve potrebe ako \u017eelite provesti opu\u0161taju\u0107e dane sa svim \u010dlanovima porodice.<br \/>Imamo 8 porodi\u010dnih soba sa dva zasebna prostora, povr\u0161ine 40-45 m\u00b2, od kojih 6 soba ima terasu.<br \/>Osnovna oprema:<\/p><ul><li>kreveti sa izuzetno udobnim du\u0161ecima (180 x 200 cm ili 2 x 90 x 200 cm)<\/li><li>Smart LED TV\u00a0<\/li><li>telefon<\/li><li>Nespresso aparat za kafu<\/li><li>osve\u017eavaju\u0107i aquabar<\/li><li>\u010dasopisi<\/li><li>neograni\u010den, \u0161irokopojasni i ekstra brzi Wi-Fi<\/li><li>sef u sobi<\/li><li>klima ure\u0111aj sa individualnim pode\u0161vanjem<\/li><li>fen za kosu i ogledalo za brijanje<\/li><li>toaletni pribor, neseser<\/li><li>bademantil i papu\u010de, na osnovu posebnog zahteva<\/li><li>minibar<\/li><li>ili dodatni krevet na osnovu posebnog zahtev<\/li><\/ul>\t\t\t\t\t\t\t\t<\/div>\n\t\t\t\t<\/div>\n\t\t\t\t\t<\/div>\n\t\t<\/div>\n\t\t\t\t\t<\/div>\n\t\t<\/section>\n\t\t\t\t<section class=\"elementor-section elementor-top-section elementor-element elementor-element-e6e78c1 elementor-section-full_width qode_elementor_container_inner elementor-section-height-default elementor-section-height-default parallax_section_no\" data-id=\"e6e78c1\" data-element_type=\"section\" data-e-type=\"section\">\n\t\t\t\t\t\t<div class=\"elementor-container elementor-column-gap-no\">\n\t\t\t\t\t<div class=\"elementor-column elementor-col-50 elementor-top-column elementor-element elementor-element-9b2804b\" data-id=\"9b2804b\" data-element_type=\"column\" data-e-type=\"column\">\n\t\t\t<div class=\"elementor-widget-wrap elementor-element-populated\">\n\t\t\t\t\t\t<div class=\"elementor-element elementor-element-883cdfe elementor-widget elementor-widget-image\" data-id=\"883cdfe\" data-element_type=\"widget\" data-e-type=\"widget\" data-widget_type=\"image.default\">\n\t\t\t\t<div class=\"elementor-widget-container\">\n\t\t\t\t\t\t\t\t\t\t\t\t\t\t\t<img loading=\"lazy\" decoding=\"async\" width=\"1600\" height=\"1200\" src=\"https:\/\/hotelfoldana.hu\/wp-content\/uploads\/2023\/02\/superior_balcon.jpg\" class=\"attachment-full size-full wp-image-326\" alt=\"\" srcset=\"https:\/\/hotelfoldana.hu\/wp-content\/uploads\/2023\/02\/superior_balcon.jpg 1600w, https:\/\/hotelfoldana.hu\/wp-content\/uploads\/2023\/02\/superior_balcon-300x225.jpg 300w, https:\/\/hotelfoldana.hu\/wp-content\/uploads\/2023\/02\/superior_balcon-1024x768.jpg 1024w, https:\/\/hotelfoldana.hu\/wp-content\/uploads\/2023\/02\/superior_balcon-768x576.jpg 768w, https:\/\/hotelfoldana.hu\/wp-content\/uploads\/2023\/02\/superior_balcon-1536x1152.jpg 1536w, https:\/\/hotelfoldana.hu\/wp-content\/uploads\/2023\/02\/superior_balcon-800x600.jpg 800w, https:\/\/hotelfoldana.hu\/wp-content\/uploads\/2023\/02\/superior_balcon-700x525.jpg 700w\" sizes=\"(max-width: 1600px) 100vw, 1600px\" \/>\t\t\t\t\t\t\t\t\t\t\t\t\t\t\t<\/div>\n\t\t\t\t<\/div>\n\t\t\t\t<div class=\"elementor-element elementor-element-4cb2309 elementor-widget elementor-widget-text-editor\" data-id=\"4cb2309\" data-element_type=\"widget\" data-e-type=\"widget\" data-widget_type=\"text-editor.default\">\n\t\t\t\t<div class=\"elementor-widget-container\">\n\t\t\t\t\t\t\t\t\t<h3>SUPERIOR STUDIO SA BALKONOM <\/h3>\t\t\t\t\t\t\t\t<\/div>\n\t\t\t\t<\/div>\n\t\t\t\t<div class=\"elementor-element elementor-element-edc6a6c elementor-widget elementor-widget-text-editor\" data-id=\"edc6a6c\" data-element_type=\"widget\" data-e-type=\"widget\" data-widget_type=\"text-editor.default\">\n\t\t\t\t<div class=\"elementor-widget-container\">\n\t\t\t\t\t\t\t\t\t<p>Bilo da boravite kod nas zbog poslovnih obaveza ili tra\u017eite sme\u0161taj za \u0161etnju po gradom, na\u0161e superior sobe su idealan izbor.<br \/>Moderne dvokrevetne sobe sa balkonom su od veli\u010dine 30-35 m\u00b2, klimatizovane.<br \/>Osnovna oprema:<\/p><ul><li>kreveti sa izuzetno udobnim du\u0161ecima (180 x 200 cm ili 2 x 90 x 200 cm)<\/li><li>Smart LED TV\u00a0<\/li><li>telefon<\/li><li>Nespresso aparat za kafu<\/li><li>osve\u017eavaju\u0107i aquabar<\/li><li>\u010dasopisi<\/li><li>neograni\u010den, \u0161irokopojasni i ekstra brzi Wi-Fi<\/li><li>sef u sobi<\/li><li>klima ure\u0111aj sa individualnim pode\u0161vanjem<\/li><li>fen za kosu i ogledalo za brijanje<\/li><li>toaletni pribor, neseser<\/li><li>bademantil i papu\u010de, na osnovu posebnog zahteva<\/li><li>minibar<\/li><li>ili dodatni krevet na osnovu posebnog zahtev<\/li><\/ul>\t\t\t\t\t\t\t\t<\/div>\n\t\t\t\t<\/div>\n\t\t\t\t\t<\/div>\n\t\t<\/div>\n\t\t\t\t<div class=\"elementor-column elementor-col-50 elementor-top-column elementor-element elementor-element-ab27c6c\" data-id=\"ab27c6c\" data-element_type=\"column\" data-e-type=\"column\">\n\t\t\t<div class=\"elementor-widget-wrap elementor-element-populated\">\n\t\t\t\t\t\t<div class=\"elementor-element elementor-element-691d93e elementor-widget elementor-widget-image\" data-id=\"691d93e\" data-element_type=\"widget\" data-e-type=\"widget\" data-widget_type=\"image.default\">\n\t\t\t\t<div class=\"elementor-widget-container\">\n\t\t\t\t\t\t\t\t\t\t\t\t\t\t\t<img loading=\"lazy\" decoding=\"async\" width=\"1600\" height=\"1200\" src=\"https:\/\/hotelfoldana.hu\/wp-content\/uploads\/2023\/02\/superior_twin.jpg\" class=\"attachment-full size-full wp-image-327\" alt=\"\" srcset=\"https:\/\/hotelfoldana.hu\/wp-content\/uploads\/2023\/02\/superior_twin.jpg 1600w, https:\/\/hotelfoldana.hu\/wp-content\/uploads\/2023\/02\/superior_twin-300x225.jpg 300w, https:\/\/hotelfoldana.hu\/wp-content\/uploads\/2023\/02\/superior_twin-1024x768.jpg 1024w, https:\/\/hotelfoldana.hu\/wp-content\/uploads\/2023\/02\/superior_twin-768x576.jpg 768w, https:\/\/hotelfoldana.hu\/wp-content\/uploads\/2023\/02\/superior_twin-1536x1152.jpg 1536w, https:\/\/hotelfoldana.hu\/wp-content\/uploads\/2023\/02\/superior_twin-800x600.jpg 800w, https:\/\/hotelfoldana.hu\/wp-content\/uploads\/2023\/02\/superior_twin-700x525.jpg 700w\" sizes=\"(max-width: 1600px) 100vw, 1600px\" \/>\t\t\t\t\t\t\t\t\t\t\t\t\t\t\t<\/div>\n\t\t\t\t<\/div>\n\t\t\t\t<div class=\"elementor-element elementor-element-d57ea72 elementor-widget elementor-widget-text-editor\" data-id=\"d57ea72\" data-element_type=\"widget\" data-e-type=\"widget\" data-widget_type=\"text-editor.default\">\n\t\t\t\t<div class=\"elementor-widget-container\">\n\t\t\t\t\t\t\t\t\t<h3>Superior Twin<\/h3>\t\t\t\t\t\t\t\t<\/div>\n\t\t\t\t<\/div>\n\t\t\t\t<div class=\"elementor-element elementor-element-7a2b597 elementor-widget elementor-widget-text-editor\" data-id=\"7a2b597\" data-element_type=\"widget\" data-e-type=\"widget\" data-widget_type=\"text-editor.default\">\n\t\t\t\t<div class=\"elementor-widget-container\">\n\t\t\t\t\t\t\t\t\t<p>Bilo da boravite kod nas zbog poslovnih obaveza ili tra\u017eite sme\u0161taj za \u0161etnju po gradom, na\u0161e superior twin sobe su idealan izbor.<br \/>Moderne sobe sa odvojenim krevetom I sa balkonom su od veli\u010dine 30-35 m\u00b2, klimatizovane.<br \/>Osnovna oprema:<\/p><ul><li>kreveti sa izuzetno udobnim du\u0161ecima (2 x 90 x 200 cm)<\/li><li>Smart LED TV\u00a0<\/li><li>telefon<\/li><li>Nespresso aparat za kafu<\/li><li>osve\u017eavaju\u0107i aquabar<\/li><li>\u010dasopisi<\/li><li>neograni\u010den, \u0161irokopojasni i ekstra brzi Wi-Fi<\/li><li>sef u sobi<\/li><li>klima ure\u0111aj sa individualnim pode\u0161vanjem<\/li><li>fen za kosu i ogledalo za brijanje<\/li><li>toaletni pribor, neseser<\/li><li>bademantil i papu\u010de, na osnovu posebnog zahteva<\/li><li>minibar<\/li><li>ili dodatni krevet na osnovu posebnog zahtev<\/li><\/ul>\t\t\t\t\t\t\t\t<\/div>\n\t\t\t\t<\/div>\n\t\t\t\t\t<\/div>\n\t\t<\/div>\n\t\t\t\t\t<\/div>\n\t\t<\/section>\n\t\t\t\t<section class=\"elementor-section elementor-top-section elementor-element elementor-element-9473c15 elementor-section-full_width qode_elementor_container_inner elementor-section-height-default elementor-section-height-default parallax_section_no\" data-id=\"9473c15\" data-element_type=\"section\" data-e-type=\"section\">\n\t\t\t\t\t\t<div class=\"elementor-container elementor-column-gap-no\">\n\t\t\t\t\t<div class=\"elementor-column elementor-col-50 elementor-top-column elementor-element elementor-element-670ae4a\" data-id=\"670ae4a\" data-element_type=\"column\" data-e-type=\"column\">\n\t\t\t<div class=\"elementor-widget-wrap elementor-element-populated\">\n\t\t\t\t\t\t<div class=\"elementor-element elementor-element-98172ba elementor-widget elementor-widget-image\" data-id=\"98172ba\" data-element_type=\"widget\" data-e-type=\"widget\" data-widget_type=\"image.default\">\n\t\t\t\t<div class=\"elementor-widget-container\">\n\t\t\t\t\t\t\t\t\t\t\t\t\t\t\t<img loading=\"lazy\" decoding=\"async\" width=\"1600\" height=\"1200\" src=\"https:\/\/hotelfoldana.hu\/wp-content\/uploads\/2023\/08\/apartman.jpg\" class=\"attachment-full size-full wp-image-591\" alt=\"\" srcset=\"https:\/\/hotelfoldana.hu\/wp-content\/uploads\/2023\/08\/apartman.jpg 1600w, https:\/\/hotelfoldana.hu\/wp-content\/uploads\/2023\/08\/apartman-300x225.jpg 300w, https:\/\/hotelfoldana.hu\/wp-content\/uploads\/2023\/08\/apartman-1024x768.jpg 1024w, https:\/\/hotelfoldana.hu\/wp-content\/uploads\/2023\/08\/apartman-768x576.jpg 768w, https:\/\/hotelfoldana.hu\/wp-content\/uploads\/2023\/08\/apartman-1536x1152.jpg 1536w, https:\/\/hotelfoldana.hu\/wp-content\/uploads\/2023\/08\/apartman-16x12.jpg 16w, https:\/\/hotelfoldana.hu\/wp-content\/uploads\/2023\/08\/apartman-800x600.jpg 800w, https:\/\/hotelfoldana.hu\/wp-content\/uploads\/2023\/08\/apartman-700x525.jpg 700w\" sizes=\"(max-width: 1600px) 100vw, 1600px\" \/>\t\t\t\t\t\t\t\t\t\t\t\t\t\t\t<\/div>\n\t\t\t\t<\/div>\n\t\t\t\t<div class=\"elementor-element elementor-element-620c439 elementor-widget elementor-widget-text-editor\" data-id=\"620c439\" data-element_type=\"widget\" data-e-type=\"widget\" data-widget_type=\"text-editor.default\">\n\t\t\t\t<div class=\"elementor-widget-container\">\n\t\t\t\t\t\t\t\t\t<h3>APARTMAN<\/h3>\t\t\t\t\t\t\t\t<\/div>\n\t\t\t\t<\/div>\n\t\t\t\t<div class=\"elementor-element elementor-element-9915bad elementor-widget elementor-widget-text-editor\" data-id=\"9915bad\" data-element_type=\"widget\" data-e-type=\"widget\" data-widget_type=\"text-editor.default\">\n\t\t\t\t<div class=\"elementor-widget-container\">\n\t\t\t\t\t\t\t\t\t<p>Na\u0161 prostran, moderan stan je savr\u0161en izbor za porodice. Na\u0161i stanovi povr\u0161ine 42 kvadratna metra opremljeni jedinstvenim unutra\u0161njim re\u0161enjima imaju potpuno opremljenu kuhinju.<\/p><p>Osnovna oprema:<\/p><ul><li>kreveti sa izuzetno udobnim du\u0161ecima (180 x 200 cm ili 2 x 90 x 200 cm)<\/li><li>Smart LED TV<\/li><li>telefon<\/li><li>Nespresso aparat za kafu<\/li><li>osve\u017eavaju\u0107i aquabar<\/li><li>\u010dasopisi<\/li><li>neograni\u010den, \u0161irokopojasni i ekstra brzi Wi-Fi<\/li><li>sef u sobi<\/li><li>klima ure\u0111aj sa individualnim pode\u0161vanjem<\/li><li>fen za kosu i ogledalo za brijanje<\/li><li>toaletni pribor, neseser<\/li><li>bademantil i papu\u010de, na osnovu posebnog zahteva<\/li><li>minibar<\/li><li>ili dodatni krevet na osnovu posebnog zahtev<\/li><li>Potpuno opremljena kuhinja<\/li><\/ul>\t\t\t\t\t\t\t\t<\/div>\n\t\t\t\t<\/div>\n\t\t\t\t\t<\/div>\n\t\t<\/div>\n\t\t\t\t<div class=\"elementor-column elementor-col-50 elementor-top-column elementor-element elementor-element-21ef5ef\" data-id=\"21ef5ef\" data-element_type=\"column\" data-e-type=\"column\">\n\t\t\t<div class=\"elementor-widget-wrap\">\n\t\t\t\t\t\t\t<\/div>\n\t\t<\/div>\n\t\t\t\t\t<\/div>\n\t\t<\/section>\n\t\t\t\t<section class=\"elementor-section elementor-top-section elementor-element elementor-element-2f1d1bd elementor-section-full_width qode_elementor_container_inner elementor-section-height-default elementor-section-height-default parallax_section_no\" data-id=\"2f1d1bd\" data-element_type=\"section\" data-e-type=\"section\">\n\t\t\t\t\t\t<div class=\"elementor-container elementor-column-gap-no\">\n\t\t\t\t\t<div class=\"elementor-column elementor-col-100 elementor-top-column elementor-element elementor-element-12747ee\" data-id=\"12747ee\" data-element_type=\"column\" data-e-type=\"column\">\n\t\t\t<div class=\"elementor-widget-wrap elementor-element-populated\">\n\t\t\t\t\t\t<div class=\"elementor-element elementor-element-7c3ef28 elementor-widget__width-auto elementor-widget elementor-widget-bridge_button\" data-id=\"7c3ef28\" data-element_type=\"widget\" data-e-type=\"widget\" data-widget_type=\"bridge_button.default\">\n\t\t\t\t<div class=\"elementor-widget-container\">\n\t\t\t\t\t<a  itemprop=\"url\" href=\"https:\/\/ibe.sabeeapp.com\/properties\/Hotel-Foldana****-booking\/?p=bSpbe7516116a13c816&amp;l=en\" target=\"_self\"  class=\"qbutton  default\" style=\"\">Rezervisanje<\/a>\t\t\t\t<\/div>\n\t\t\t\t<\/div>\n\t\t\t\t\t<\/div>\n\t\t<\/div>\n\t\t\t\t\t<\/div>\n\t\t<\/section>\n\t\t\t\t<\/div>","protected":false},"excerpt":{"rendered":"<p>V\u00e1lasszon egy t\u00f6k\u00e9letes szob\u00e1t 7 k\u00fcl\u00f6nb\u00f6z\u0151 lehet\u0151s\u00e9g Standard Studio Ak\u00e1r \u00fczleti \u00fatja sor\u00e1n sz\u00e1ll meg n\u00e1lunk, ak\u00e1r a v\u00e1ros felfedez\u00e9s\u00e9hez keres mag\u00e1nak sz\u00e1ll\u00e1st, standard studio szob\u00e1ink egyike ide\u00e1lis v\u00e1laszt\u00e1s.A modern st\u00edlus\u00fa k\u00e9t\u00e1gyas szob\u00e1k mindegyike 30-35 n\u00e9gyzetm\u00e9ter alapter\u00fclet\u0171, klimatiz\u00e1lt szoba.Alapfelszerelts\u00e9g: extra vastags\u00e1g\u00fa matracokkal felszerelt \u00e1gyak (180&#8230;<\/p>","protected":false},"author":1,"featured_media":0,"parent":0,"menu_order":0,"comment_status":"closed","ping_status":"closed","template":"full_width.php","meta":{"footnotes":""},"class_list":["post-146","page","type-page","status-publish","hentry"],"_links":{"self":[{"href":"https:\/\/hotelfoldana.hu\/sr\/wp-json\/wp\/v2\/pages\/146","targetHints":{"allow":["GET"]}}],"collection":[{"href":"https:\/\/hotelfoldana.hu\/sr\/wp-json\/wp\/v2\/pages"}],"about":[{"href":"https:\/\/hotelfoldana.hu\/sr\/wp-json\/wp\/v2\/types\/page"}],"author":[{"embeddable":true,"href":"https:\/\/hotelfoldana.hu\/sr\/wp-json\/wp\/v2\/users\/1"}],"replies":[{"embeddable":true,"href":"https:\/\/hotelfoldana.hu\/sr\/wp-json\/wp\/v2\/comments?post=146"}],"version-history":[{"count":69,"href":"https:\/\/hotelfoldana.hu\/sr\/wp-json\/wp\/v2\/pages\/146\/revisions"}],"predecessor-version":[{"id":597,"href":"https:\/\/hotelfoldana.hu\/sr\/wp-json\/wp\/v2\/pages\/146\/revisions\/597"}],"wp:attachment":[{"href":"https:\/\/hotelfoldana.hu\/sr\/wp-json\/wp\/v2\/media?parent=146"}],"curies":[{"name":"wp","href":"https:\/\/api.w.org\/{rel}","templated":true}]}}